{"id":246376,"date":"2022-10-01T16:02:48","date_gmt":"2022-10-01T16:02:48","guid":{"rendered":"https:\/\/principeverdiazul.com\/?page_id=246376"},"modified":"2025-08-01T00:16:27","modified_gmt":"2025-08-01T00:16:27","slug":"sobre-mi","status":"publish","type":"page","link":"https:\/\/theemotionslabmalta.com\/en\/sobre-mi\/","title":{"rendered":"About Me"},"content":{"rendered":"<p>[et_pb_section fb_built=\u00bb1&#8243; custom_padding_last_edited=\u00bbon|phone\u00bb next_background_color=\u00bb#ffffff\u00bb _builder_version=\u00bb4.27.4&#8243; _module_preset=\u00bbdefault\u00bb background_image=\u00bbhttps:\/\/theemotionslabmalta.com\/wp-content\/uploads\/2022\/09\/bg-wave-yellow.svg\u00bb custom_margin_tablet=\u00bb||0px||false|false\u00bb custom_margin_phone=\u00bb||0px||false|false\u00bb custom_margin_last_edited=\u00bbon|phone\u00bb custom_padding=\u00bb0px||||false|false\u00bb custom_padding_tablet=\u00bb||0px||false|false\u00bb custom_padding_phone=\u00bb||0px||false|false\u00bb bottom_divider_style=\u00bbwave\u00bb bottom_divider_flip=\u00bbhorizontal\u00bb bottom_divider_arrangement=\u00bbabove_content\u00bb bottom_divider_style_tablet=\u00bbwave\u00bb bottom_divider_style_phone=\u00bbwave\u00bb bottom_divider_style_last_edited=\u00bbon|tablet\u00bb bottom_divider_height_tablet=\u00bb180px\u00bb bottom_divider_height_phone=\u00bb53px\u00bb bottom_divider_height_last_edited=\u00bbon|phone\u00bb hover_enabled=\u00bb0&#8243; global_colors_info=\u00bb{}\u00bb title_text=\u00bbbg-wave-yellow\u00bb sticky_enabled=\u00bb0&#8243;][et_pb_row column_structure=\u00bb1_2,1_2&#8243; use_custom_gutter=\u00bbon\u00bb gutter_width=\u00bb1&#8243; make_equal=\u00bbon\u00bb custom_padding_last_edited=\u00bbon|phone\u00bb _builder_version=\u00bb4.18.0&#8243; _module_preset=\u00bbdefault\u00bb custom_margin_tablet=\u00bb\u00bb custom_margin_phone=\u00bb||0px||false|false\u00bb custom_margin_last_edited=\u00bbon|phone\u00bb custom_padding_tablet=\u00bb\u00bb custom_padding_phone=\u00bb||0px||false|false\u00bb custom_css_main_element=\u00bbalign-items: center;||\u00bb global_colors_info=\u00bb{}\u00bb][et_pb_column type=\u00bb1_2&#8243; _builder_version=\u00bb4.18.0&#8243; _module_preset=\u00bbdefault\u00bb global_colors_info=\u00bb{}\u00bb][et_pb_text disabled_on=\u00bboff|off|on\u00bb _builder_version=\u00bb4.18.0&#8243; _module_preset=\u00bb6361da08-6f42-409b-81b9-48ce6655acf6&#8243; text_font_size=\u00bb22px\u00bb header_6_font=\u00bbDancing Script|700|||||||\u00bb header_6_text_color=\u00bb#218880&#8243; header_6_font_size=\u00bb40px\u00bb custom_margin=\u00bb||-25px|||\u00bb header_6_text_shadow_horizontal_length=\u00bb0.05em\u00bb header_6_text_shadow_blur_strength=\u00bb0.08em\u00bb header_6_text_shadow_color=\u00bbrgba(84,84,84,0.45)\u00bb global_colors_info=\u00bb{}\u00bb]<\/p>\n<h6>\u00a1Hola! Mi nombre es Carolina,<\/h6>\n<p>[\/et_pb_text][et_pb_image src=\u00bbhttps:\/\/principeverdiazul.com\/wp-content\/uploads\/2022\/10\/Carolina-Garces.png\u00bb alt=\u00bbCarolina Garc\u00e9s\u00bb title_text=\u00bbCarolina Garces\u00bb disabled_on=\u00bboff|off|on\u00bb _builder_version=\u00bb4.18.0&#8243; _module_preset=\u00bbdefault\u00bb global_colors_info=\u00bb{}\u00bb][\/et_pb_image][et_pb_text disabled_on=\u00bbon|on|off\u00bb _builder_version=\u00bb4.18.0&#8243; _module_preset=\u00bb6361da08-6f42-409b-81b9-48ce6655acf6&#8243; text_font_size=\u00bb22px\u00bb header_6_font=\u00bbDancing Script|700|||||||\u00bb header_6_text_color=\u00bb#218880&#8243; header_6_font_size=\u00bb40px\u00bb header_6_text_shadow_horizontal_length=\u00bb0.05em\u00bb header_6_text_shadow_blur_strength=\u00bb0.08em\u00bb header_6_text_shadow_color=\u00bbrgba(84,84,84,0.45)\u00bb global_colors_info=\u00bb{}\u00bb]<\/p>\n<h6>\u00a1Hola! Mi nombre es Carolina,<\/h6>\n<p>[\/et_pb_text][et_pb_text _builder_version=\u00bb4.18.0&#8243; _module_preset=\u00bb6361da08-6f42-409b-81b9-48ce6655acf6&#8243; text_font_size=\u00bb22px\u00bb header_6_font=\u00bbDancing Script|700|||||||\u00bb header_6_text_color=\u00bb#218880&#8243; header_6_font_size=\u00bb40px\u00bb header_6_text_shadow_horizontal_length=\u00bb0.05em\u00bb header_6_text_shadow_blur_strength=\u00bb0.08em\u00bb header_6_text_shadow_color=\u00bbrgba(84,84,84,0.45)\u00bb global_colors_info=\u00bb{}\u00bb]<\/p>\n<p>una <strong>periodista<\/strong> que no concibe su vida sin las letras. <strong><span class=\"pa-color-highlight\">Desde los 13 a\u00f1os, cuando supe que quer\u00eda dedicarme a contar historias, no he parado de escribir.<\/span><\/strong><\/p>\n<p>&nbsp;<\/p>\n<p>[\/et_pb_text][\/et_pb_column][et_pb_column type=\u00bb1_2&#8243; _builder_version=\u00bb4.18.0&#8243; _module_preset=\u00bbdefault\u00bb global_colors_info=\u00bb{}\u00bb][et_pb_image src=\u00bbhttps:\/\/theemotionslabmalta.com\/wp-content\/uploads\/2022\/10\/Carolina-Garces.png\u00bb alt=\u00bbCarolina Garc\u00e9s\u00bb title_text=\u00bbCarolina Garces\u00bb disabled_on=\u00bbon|on|off\u00bb _builder_version=\u00bb4.27.4&#8243; _module_preset=\u00bbdefault\u00bb hover_enabled=\u00bb0&#8243; global_colors_info=\u00bb{}\u00bb sticky_enabled=\u00bb0&#8243;][\/et_pb_image][\/et_pb_column][\/et_pb_row][\/et_pb_section][et_pb_section fb_built=\u00bb1&#8243; _builder_version=\u00bb4.27.4&#8243; _module_preset=\u00bbdefault\u00bb background_image=\u00bbhttps:\/\/theemotionslabmalta.com\/wp-content\/uploads\/2022\/09\/bg-line.svg\u00bb custom_margin=\u00bb0px||||false|false\u00bb custom_padding=\u00bb0px||||false|false\u00bb bottom_divider_style=\u00bbwave\u00bb bottom_divider_color=\u00bb#fdf0cb\u00bb bottom_divider_height_tablet=\u00bb\u00bb bottom_divider_height_phone=\u00bb38px\u00bb bottom_divider_height_last_edited=\u00bbon|phone\u00bb hover_enabled=\u00bb0&#8243; global_colors_info=\u00bb{}\u00bb title_text=\u00bbbg-line\u00bb sticky_enabled=\u00bb0&#8243;][et_pb_row column_structure=\u00bb1_2,1_2&#8243; make_equal=\u00bbon\u00bb _builder_version=\u00bb4.18.0&#8243; _module_preset=\u00bbdefault\u00bb custom_css_main_element=\u00bbalign-items: center;||\u00bb global_colors_info=\u00bb{}\u00bb][et_pb_column type=\u00bb1_2&#8243; _builder_version=\u00bb4.18.0&#8243; _module_preset=\u00bbdefault\u00bb global_colors_info=\u00bb{}\u00bb][et_pb_text _builder_version=\u00bb4.27.0&#8243; _module_preset=\u00bb6361da08-6f42-409b-81b9-48ce6655acf6&#8243; custom_margin=\u00bb||150px||false|false\u00bb custom_margin_tablet=\u00bb||0px||false|false\u00bb custom_margin_phone=\u00bb||0px||false|false\u00bb custom_margin_last_edited=\u00bbon|phone\u00bb global_colors_info=\u00bb{}\u00bb]<\/p>\n<p><span style=\"font-weight: 400;\">Y es que esta, m\u00e1s que mi profesi\u00f3n es mi verdadera pasi\u00f3n, <\/span><strong><span class=\"pa-color-highlight\">lo que me mueve, me sana, me libera y me devuelve la vida cuando siento que no puedo m\u00e1s<\/span><\/strong><span style=\"font-weight: 400;\">. Por eso, un d\u00eda decid\u00ed transmitirte mis vivencias desde <\/span><strong><span class=\"pa-color-highlight\">@principeverdiazul, The Emotions Lab in Malta.<\/span><\/strong><span style=\"font-weight: 400;\">\u00a0Algo me dec\u00eda que podr\u00edan ayudarte y parece que no estaba equivocada.<\/span><\/p>\n<p>[\/et_pb_text][\/et_pb_column][et_pb_column type=\u00bb1_2&#8243; _builder_version=\u00bb4.18.0&#8243; _module_preset=\u00bbdefault\u00bb global_colors_info=\u00bb{}\u00bb][et_pb_text _builder_version=\u00bb4.27.2&#8243; _module_preset=\u00bb6361da08-6f42-409b-81b9-48ce6655acf6&#8243; custom_margin=\u00bb150px||20px||false|false\u00bb custom_margin_tablet=\u00bb0px||||false|false\u00bb custom_margin_phone=\u00bb0px||0px||false|false\u00bb custom_margin_last_edited=\u00bbon|phone\u00bb global_colors_info=\u00bb{}\u00bb]<span style=\"font-weight: 400;\">Por eso, no me arrepiento de haberme autojubilado hace seis a\u00f1os para apostar por mi felicidad y haber dejado colar en mi maleta a Pr\u00edncipe. Ha sido mi mejor compa\u00f1ero de viaje y el responsable de que me haya convertido en <strong><\/strong><\/span><strong><span class=\"pa-color-highlight\">Coach de Inteligencia Emocional y de Parejas<\/span><\/strong><span style=\"font-weight: 400;\"> para poder acompa\u00f1arte en el proceso de <strong>sanar tu coraz\u00f3n y emociones<\/strong>.\u00a0<\/span>[\/et_pb_text][\/et_pb_column][\/et_pb_row][\/et_pb_section][et_pb_section fb_built=\u00bb1&#8243; custom_padding_last_edited=\u00bbon|phone\u00bb _builder_version=\u00bb4.27.4&#8243; _module_preset=\u00bbdefault\u00bb background_image=\u00bbhttps:\/\/theemotionslabmalta.com\/wp-content\/uploads\/2022\/09\/bg-divder-wave-reverse.svg\u00bb custom_margin_tablet=\u00bb\u00bb custom_margin_phone=\u00bb0px||||false|false\u00bb custom_margin_last_edited=\u00bbon|phone\u00bb custom_padding_tablet=\u00bb\u00bb custom_padding_phone=\u00bb0px||||false|false\u00bb hover_enabled=\u00bb0&#8243; global_colors_info=\u00bb{}\u00bb title_text=\u00bbbg-divder-wave-reverse\u00bb sticky_enabled=\u00bb0&#8243;][et_pb_row column_structure=\u00bb1_2,1_2&#8243; make_equal=\u00bbon\u00bb _builder_version=\u00bb4.18.0&#8243; _module_preset=\u00bbdefault\u00bb min_height=\u00bb523px\u00bb custom_css_main_element=\u00bbalign-items: center;||\u00bb global_colors_info=\u00bb{}\u00bb][et_pb_column type=\u00bb1_2&#8243; _builder_version=\u00bb4.18.0&#8243; _module_preset=\u00bbdefault\u00bb global_colors_info=\u00bb{}\u00bb][et_pb_text _builder_version=\u00bb4.27.0&#8243; _module_preset=\u00bb6361da08-6f42-409b-81b9-48ce6655acf6&#8243; global_colors_info=\u00bb{}\u00bb]<\/p>\n<p><span style=\"font-weight: 400;\">Adem\u00e1s, tambi\u00e9n soy certificada en <strong>Terapia de Sonido<\/strong> y <strong>facilitadora de Ceremonias Hol\u00edsticas<\/strong>, lo que me permite crear los <strong>Reiros Emocionales<\/strong> y todos los espacios en los que nos hemos conocido o en los que muy pronto nos conoceremos. <\/span><\/p>\n<p><span style=\"font-weight: 400;\">Esta web y todos los proyectos que han surgido desde <\/span><strong><span class=\"pa-color-highlight\">Pr\u00edncipe VerdiAzul<\/span><\/strong><span style=\"font-weight: 400;\"> son el resultado de tu apoyo. <\/span><strong><span class=\"pa-color-highlight\">GRACIAS por permitirme acompa\u00f1arte en tu proceso de sanaci\u00f3n, por abrir tu coraz\u00f3n y dejarme ser parte de un pedacito de tu vida<span style=\"font-weight: 400;\">.\u00a0<\/span><\/span><\/strong><\/p>\n<p>[\/et_pb_text][dsm_text_notation before_text=\u00bb\u00a1Bienvenida a \u00bb notation_text=\u00bbEmotions Lab!,\u00bb notation_type=\u00bbhighlight\u00bb notation_color=\u00bb#B3E8CA\u00bb heading_html_tag=\u00bbp\u00bb _builder_version=\u00bb4.27.4&#8243; _module_preset=\u00bbdefault\u00bb header_font=\u00bb|700|||||||\u00bb header_font_size=\u00bb33px\u00bb header_letter_spacing=\u00bb-1px\u00bb header_line_height=\u00bb1.4em\u00bb notation_text_color=\u00bb#218880&#8243; custom_margin=\u00bb20px||-1px|||\u00bb custom_padding=\u00bb33px|||||\u00bb header_font_size_tablet=\u00bb33px\u00bb header_font_size_phone=\u00bb26px\u00bb header_font_size_last_edited=\u00bbon|phone\u00bb global_colors_info=\u00bb{}\u00bb][\/dsm_text_notation][et_pb_text _builder_version=\u00bb4.27.0&#8243; _module_preset=\u00bb6361da08-6f42-409b-81b9-48ce6655acf6&#8243; global_colors_info=\u00bb{}\u00bb]<\/p>\n<p><span style=\"font-weight: 400;\"><\/span><\/p>\n<p><span style=\"font-weight: 400;\">tu <\/span><strong><span class=\"pa-color-highlight\">comunidad segura<\/span><\/strong>. En la puedes ser y hacer sin ser juzgada. Te lo reitero, <span class=\"pa-color-highlight\"><b>no est\u00e1s sola y juntas saldremos<\/b><\/span> adelante<span style=\"font-weight: 400;\">.<\/span><\/p>\n<p>[\/et_pb_text][\/et_pb_column][et_pb_column type=\u00bb1_2&#8243; _builder_version=\u00bb4.18.0&#8243; _module_preset=\u00bbdefault\u00bb global_colors_info=\u00bb{}\u00bb][et_pb_image src=\u00bbhttps:\/\/theemotionslabmalta.com\/wp-content\/uploads\/2022\/10\/Carolina-Garces-pc.png\u00bb title_text=\u00bbCarolina Garces pc\u00bb _builder_version=\u00bb4.27.4&#8243; _module_preset=\u00bbdefault\u00bb hover_enabled=\u00bb0&#8243; border_radii=\u00bbon|150px|150px|150px|150px\u00bb border_radii_tablet=\u00bbon|150px|150px|150px|150px\u00bb border_radii_phone=\u00bbon|80px|80px|80px|80px\u00bb border_radii_last_edited=\u00bbon|phone\u00bb box_shadow_style=\u00bbpreset3&#8243; box_shadow_color=\u00bb#545454&#8243; global_colors_info=\u00bb{}\u00bb sticky_enabled=\u00bb0&#8243;][\/et_pb_image][\/et_pb_column][\/et_pb_row][et_pb_row _builder_version=\u00bb4.18.0&#8243; _module_preset=\u00bbdefault\u00bb global_colors_info=\u00bb{}\u00bb][et_pb_column type=\u00bb4_4&#8243; _builder_version=\u00bb4.18.0&#8243; _module_preset=\u00bbdefault\u00bb global_colors_info=\u00bb{}\u00bb][et_pb_text _builder_version=\u00bb4.27.0&#8243; _module_preset=\u00bb6361da08-6f42-409b-81b9-48ce6655acf6&#8243; text_text_color=\u00bb#218880&#8243; text_font_size=\u00bb24px\u00bb global_colors_info=\u00bb{}\u00bb]<\/p>\n<p style=\"text-align: center;\">Entonces, \u00bfnos vemos en <strong>EmotionTherapy <\/strong><span class=\"greenLink\"><strong>o en <a href=\"\/un-te-para-el-alma\">Un t\u00e9 para Alma<\/a><\/strong>?<\/span><\/p>\n<p>&nbsp;<\/p>\n<p>[\/et_pb_text][dsm_typing_effect before_typing_effect=\u00bbcon gratitud,\u00bb typing_effect=\u00bbCaro.\u00bb typing_loop=\u00bboff\u00bb typing_remove_cursor=\u00bbon\u00bb _builder_version=\u00bb4.27.0&#8243; _module_preset=\u00bbdefault\u00bb header_level=\u00bbh6&#8243; header_font=\u00bbDancing Script||||||||\u00bb header_text_align=\u00bbcenter\u00bb header_text_color=\u00bb#545454&#8243; header_font_size=\u00bb40px\u00bb header_letter_spacing=\u00bb-1px\u00bb typing_font=\u00bbDancing Script|700|||||||\u00bb typing_text_align=\u00bbcenter\u00bb typing_text_color=\u00bb#218880&#8243; typing_font_size=\u00bb40px\u00bb global_colors_info=\u00bb{}\u00bb][\/dsm_typing_effect][et_pb_button button_url=\u00bb@ET-DC@eyJkeW5hbWljIjp0cnVlLCJjb250ZW50IjoicG9zdF9saW5rX3VybF9wYWdlIiwic2V0dGluZ3MiOnsicG9zdF9pZCI6IjI0NDg5NCJ9fQ==@\u00bb button_text=\u00bb\u00a1Quiero una dosis de EmotionTherapy!\u00bb button_alignment=\u00bbcenter\u00bb _builder_version=\u00bb4.27.0&#8243; _dynamic_attributes=\u00bbbutton_url\u00bb _module_preset=\u00bbdefault\u00bb button_icon_color=\u00bb#545454&#8243; custom_margin=\u00bb60px||60px||true|false\u00bb custom_margin_tablet=\u00bb60px||60px||true|false\u00bb custom_margin_phone=\u00bb60px||60px||true|false\u00bb custom_margin_last_edited=\u00bbon|phone\u00bb custom_padding_tablet=\u00bb\u00bb custom_padding_phone=\u00bb|30px||10px|false|false\u00bb custom_padding_last_edited=\u00bbon|phone\u00bb button_text_size_tablet=\u00bb\u00bb button_text_size_phone=\u00bb16px\u00bb button_text_size_last_edited=\u00bbon|phone\u00bb global_colors_info=\u00bb{}\u00bb button_icon_color__hover_enabled=\u00bbon|desktop\u00bb button_icon_color__hover=\u00bb#FCC040&#8243;][\/et_pb_button][\/et_pb_column][\/et_pb_row][\/et_pb_section]<\/p>\n","protected":false},"excerpt":{"rendered":"<p>Emotional Intelligence and Relationships Coach<\/p>","protected":false},"author":1,"featured_media":244789,"parent":0,"menu_order":0,"comment_status":"closed","ping_status":"closed","template":"","meta":{"_et_pb_use_builder":"on","_et_pb_old_content":"<!-- wp:divi\/placeholder \/-->","_et_gb_content_width":"","inline_featured_image":false,"footnotes":""},"class_list":["post-246376","page","type-page","status-publish","has-post-thumbnail","hentry"],"_links":{"self":[{"href":"https:\/\/theemotionslabmalta.com\/en\/wp-json\/wp\/v2\/pages\/246376","targetHints":{"allow":["GET"]}}],"collection":[{"href":"https:\/\/theemotionslabmalta.com\/en\/wp-json\/wp\/v2\/pages"}],"about":[{"href":"https:\/\/theemotionslabmalta.com\/en\/wp-json\/wp\/v2\/types\/page"}],"author":[{"embeddable":true,"href":"https:\/\/theemotionslabmalta.com\/en\/wp-json\/wp\/v2\/users\/1"}],"replies":[{"embeddable":true,"href":"https:\/\/theemotionslabmalta.com\/en\/wp-json\/wp\/v2\/comments?post=246376"}],"version-history":[{"count":57,"href":"https:\/\/theemotionslabmalta.com\/en\/wp-json\/wp\/v2\/pages\/246376\/revisions"}],"predecessor-version":[{"id":250417,"href":"https:\/\/theemotionslabmalta.com\/en\/wp-json\/wp\/v2\/pages\/246376\/revisions\/250417"}],"wp:featuredmedia":[{"embeddable":true,"href":"https:\/\/theemotionslabmalta.com\/en\/wp-json\/wp\/v2\/media\/244789"}],"wp:attachment":[{"href":"https:\/\/theemotionslabmalta.com\/en\/wp-json\/wp\/v2\/media?parent=246376"}],"curies":[{"name":"wp","href":"https:\/\/api.w.org\/{rel}","templated":true}]}}