{"id":248622,"date":"2024-06-25T03:02:57","date_gmt":"2024-06-25T03:02:57","guid":{"rendered":"https:\/\/principeverdiazul.com\/?page_id=248622"},"modified":"2025-08-03T23:12:30","modified_gmt":"2025-08-03T23:12:30","slug":"retiros-emocionales","status":"publish","type":"page","link":"https:\/\/theemotionslabmalta.com\/en\/retiros-emocionales\/","title":{"rendered":"Emotional Retreats"},"content":{"rendered":"<p>[et_pb_section fb_built=\u00bb1&#8243; custom_padding_last_edited=\u00bbon|phone\u00bb disabled_on=\u00bboff|off|off\u00bb admin_label=\u00bbHeader desktop\u00bb _builder_version=\u00bb4.27.4&#8243; _module_preset=\u00bbdefault\u00bb background_image=\u00bbhttps:\/\/theemotionslabmalta.com\/wp-content\/uploads\/2022\/09\/bg-wave-yellow.svg\u00bb custom_padding=\u00bb||0px||false|false\u00bb custom_padding_tablet=\u00bb||0px||false|false\u00bb custom_padding_phone=\u00bb||0px||false|false\u00bb bottom_divider_style=\u00bbwave\u00bb bottom_divider_color=\u00bb#FCE5A5&#8243; bottom_divider_height=\u00bb99px\u00bb bottom_divider_repeat=\u00bb1x\u00bb bottom_divider_flip=\u00bbvertical\u00bb bottom_divider_height_tablet=\u00bb241px\u00bb bottom_divider_height_phone=\u00bb57px\u00bb bottom_divider_height_last_edited=\u00bbon|tablet\u00bb hover_enabled=\u00bb0&#8243; locked=\u00bboff\u00bb global_colors_info=\u00bb{}\u00bb title_text=\u00bbbg-wave-yellow\u00bb sticky_enabled=\u00bb0&#8243;][et_pb_row column_structure=\u00bb3_5,2_5&#8243; use_custom_gutter=\u00bbon\u00bb gutter_width=\u00bb1&#8243; make_equal=\u00bbon\u00bb custom_padding_last_edited=\u00bbon|phone\u00bb _builder_version=\u00bb4.27.4&#8243; _module_preset=\u00bbdefault\u00bb max_width=\u00bb100%\u00bb custom_padding=\u00bb20px|20px|20px|20px|false|false\u00bb custom_padding_tablet=\u00bb20px|20px|20px|20px|false|false\u00bb custom_padding_phone=\u00bb0px|0px|0px|0px|false|false\u00bb custom_css_main_element=\u00bbalign-items: center;||\u00bb global_colors_info=\u00bb{}\u00bb][et_pb_column type=\u00bb3_5&#8243; _builder_version=\u00bb4.18.0&#8243; _module_preset=\u00bbdefault\u00bb global_colors_info=\u00bb{}\u00bb][et_pb_image src=\u00bbhttps:\/\/theemotionslabmalta.com\/wp-content\/uploads\/2025\/05\/Retiros-emocionales-Page.png\u00bb alt=\u00bbEmotional-retreats-img\u00bb title_text=\u00bbRetiros emocionales-Page\u00bb url=\u00bbhttps:\/\/wa.me\/+35677314706&#8243; url_new_window=\u00bbon\u00bb align=\u00bbcenter\u00bb _builder_version=\u00bb4.27.4&#8243; _module_preset=\u00bbdefault\u00bb width=\u00bb100%\u00bb custom_padding=\u00bb2px||0px|||\u00bb global_colors_info=\u00bb{}\u00bb][\/et_pb_image][et_pb_button button_url=\u00bbhttps:\/\/wa.me\/+35677314706&#8243; url_new_window=\u00bbon\u00bb button_text=\u00bbM\u00e1s informaci\u00f3n\u00bb button_alignment=\u00bbcenter\u00bb _builder_version=\u00bb4.27.4&#8243; _module_preset=\u00bbdefault\u00bb button_text_size=\u00bb15px\u00bb button_icon=\u00bb&#xf232;||fa||400&#8243; button_text_size_tablet=\u00bb15px\u00bb button_text_size_phone=\u00bb10px\u00bb button_text_size_last_edited=\u00bbon|desktop\u00bb global_colors_info=\u00bb{}\u00bb][\/et_pb_button][\/et_pb_column][et_pb_column type=\u00bb2_5&#8243; _builder_version=\u00bb4.18.0&#8243; _module_preset=\u00bbdefault\u00bb global_colors_info=\u00bb{}\u00bb][dsm_text_notation before_text=\u00bbPr\u00f3ximos \u00bb notation_text=\u00bbRetiros Emocionales\u00bb notation_type=\u00bbhighlight\u00bb notation_color=\u00bb#B3E8CA\u00bb _builder_version=\u00bb4.27.4&#8243; _module_preset=\u00bbdefault\u00bb header_font=\u00bb|600|||||||\u00bb header_text_color=\u00bb#218880&#8243; header_font_size=\u00bb25px\u00bb notation_font=\u00bb|800|||||||\u00bb text_orientation=\u00bbcenter\u00bb module_alignment=\u00bbcenter\u00bb custom_margin=\u00bb25px||||false|false\u00bb header_font_size_tablet=\u00bb25px\u00bb header_font_size_phone=\u00bb20px\u00bb header_font_size_last_edited=\u00bbon|phone\u00bb header_text_shadow_style=\u00bbpreset2&#8243; header_text_shadow_horizontal_length=\u00bb0.04em\u00bb header_text_shadow_vertical_length=\u00bb0.04em\u00bb header_text_shadow_blur_strength=\u00bb0.04em\u00bb global_colors_info=\u00bb{}\u00bb][\/dsm_text_notation][\/et_pb_column][\/et_pb_row][\/et_pb_section][et_pb_section fb_built=\u00bb1&#8243; admin_label=\u00bbBotiquin de la felicidad\u00bb _builder_version=\u00bb4.27.4&#8243; _module_preset=\u00bbdefault\u00bb background_enable_color=\u00bboff\u00bb background_image=\u00bbhttps:\/\/theemotionslabmalta.com\/wp-content\/uploads\/2022\/09\/bg-line.svg\u00bb custom_padding=\u00bb||2px|||\u00bb top_divider_style=\u00bbwave\u00bb top_divider_color=\u00bb#FCE5A5&#8243; top_divider_height=\u00bb45px\u00bb hover_enabled=\u00bb0&#8243; locked=\u00bboff\u00bb global_colors_info=\u00bb{}\u00bb title_text=\u00bbbg-line\u00bb sticky_enabled=\u00bb0&#8243;][et_pb_row column_structure=\u00bb1_2,1_2&#8243; use_custom_gutter=\u00bbon\u00bb gutter_width=\u00bb1&#8243; make_equal=\u00bbon\u00bb custom_padding_last_edited=\u00bbon|phone\u00bb _builder_version=\u00bb4.18.0&#8243; _module_preset=\u00bbdefault\u00bb max_width=\u00bb100%\u00bb custom_margin=\u00bb|auto|||true|false\u00bb custom_padding=\u00bb||||false|false\u00bb custom_padding_tablet=\u00bb\u00bb custom_padding_phone=\u00bb||0px||false|false\u00bb custom_css_main_element=\u00bbalign-items: center;\u00bb global_colors_info=\u00bb{}\u00bb custom_css_main_element_last_edited=\u00bbon|phone\u00bb custom_css_main_element_tablet=\u00bbalign-items: center;\u00bb custom_css_main_element_phone=\u00bbalign-items: center;\u00bb][et_pb_column type=\u00bb1_2&#8243; _builder_version=\u00bb4.18.0&#8243; _module_preset=\u00bbdefault\u00bb global_colors_info=\u00bb{}\u00bb][et_pb_text module_class=\u00bbpa-tusoterapia-list-2&#8243; _builder_version=\u00bb4.25.0&#8243; _module_preset=\u00bb6361da08-6f42-409b-81b9-48ce6655acf6&#8243; text_font=\u00bb|300|||||||\u00bb header_2_font=\u00bbDancing Script|900|||||||\u00bb header_2_font_size=\u00bb32px\u00bb header_2_letter_spacing=\u00bb0px\u00bb header_2_line_height=\u00bb1.4em\u00bb header_3_font=\u00bbDancing Script|700|||||||\u00bb header_3_text_color=\u00bb#218880&#8243; header_3_font_size=\u00bb45px\u00bb custom_padding=\u00bb||0px|||\u00bb header_2_text_shadow_style=\u00bbpreset2&#8243; header_2_text_shadow_horizontal_length=\u00bb0.04em\u00bb header_2_text_shadow_vertical_length=\u00bb0.04em\u00bb header_3_text_shadow_style=\u00bbpreset2&#8243; header_3_text_shadow_horizontal_length=\u00bb-0.02em\u00bb header_3_text_shadow_vertical_length=\u00bb0.01em\u00bb header_3_text_shadow_color=\u00bbrgba(0,0,0,0.46)\u00bb global_colors_info=\u00bb{}\u00bb]<\/p>\n<h2><b>Retiros Emocionales<\/b><\/h2>\n<p>Estar <strong><span class=\"pa-color-highlight\">en paz contigo<\/span><\/strong> mismo es uno de los mejores regalos que puedes hacerte a ti. Cuando tu interior est\u00e1 en calma piensas con m\u00e1s claridad, cualquier problema se convierte en una <strong><span class=\"pa-color-highlight\">experiencia de aprendizaje<\/span><\/strong>, tus <strong><span class=\"pa-color-highlight\">pensamientos son positivos<\/span><\/strong> y ser feliz se transforma en un h\u00e1bito.<\/p>\n<p>Este <strong><span class=\"pa-color-highlight\">Retiro Emocional<\/span><\/strong> llega a ti para que <strong><span class=\"pa-color-highlight\">recuperes tu equilibrio <\/span><\/strong> y restablezcas tu <strong><span class=\"pa-color-highlight\">potencial natural<\/span><\/strong>. Ser\u00e1n unos d\u00edas de <strong><span class=\"pa-color-highlight\">conexi\u00f3n contigo<\/span><\/strong>, as\u00ed que hazte este regalo y empieza a escribir <strong><span class=\"pa-color-highlight\">una nueva historia en tu vida.<\/span><\/strong><\/p>\n<p>[\/et_pb_text][\/et_pb_column][et_pb_column type=\u00bb1_2&#8243; _builder_version=\u00bb4.18.0&#8243; _module_preset=\u00bbdefault\u00bb custom_padding_tablet=\u00bb100px||||false|false\u00bb custom_padding_phone=\u00bb30px||0px||false|false\u00bb custom_padding_last_edited=\u00bbon|phone\u00bb global_colors_info=\u00bb{}\u00bb][et_pb_image src=\u00bbhttps:\/\/theemotionslabmalta.com\/wp-content\/uploads\/2024\/05\/botiquin-de-la-felicidad-3.png\u00bb alt=\u00bbEmotional-retreat\u00bb title_text=\u00bbEmotional-retreat\u00bb _builder_version=\u00bb4.27.4&#8243; _module_preset=\u00bbdefault\u00bb custom_margin_tablet=\u00bb\u00bb custom_margin_phone=\u00bb0px||0px||false|false\u00bb custom_margin_last_edited=\u00bbon|phone\u00bb custom_padding_tablet=\u00bb\u00bb custom_padding_phone=\u00bb\u00bb custom_padding_last_edited=\u00bbon|desktop\u00bb global_colors_info=\u00bb{}\u00bb][\/et_pb_image][et_pb_button button_url=\u00bb#proximo-retiro\u00bb button_text=\u00bbPr\u00f3ximo retiro\u00bb button_alignment=\u00bbcenter\u00bb _builder_version=\u00bb4.24.2&#8243; _module_preset=\u00bbe7720b69-6215-4944-8ff4-10dd5d891171&#8243; button_text_color=\u00bb#545454&#8243; button_icon=\u00bb&#xf184;||fa||400&#8243; custom_margin=\u00bb40px||||false|false\u00bb custom_margin_tablet=\u00bb40px||||false|false\u00bb custom_margin_phone=\u00bb50px||40px||false|false\u00bb custom_margin_last_edited=\u00bbon|phone\u00bb global_colors_info=\u00bb{}\u00bb button_bg_color__hover=\u00bb\u00bb button_bg_enable_color__hover=\u00bbon\u00bb button_bg_color__hover_enabled=\u00bbon|hover\u00bb button_text_color__hover_enabled=\u00bbon|desktop\u00bb button_text_color__hover=\u00bb#545454&#8243;][\/et_pb_button][\/et_pb_column][\/et_pb_row][\/et_pb_section][et_pb_section fb_built=\u00bb1&#8243; custom_padding_last_edited=\u00bbon|phone\u00bb admin_label=\u00bbBotiquin de la felicidad\u00bb _builder_version=\u00bb4.25.0&#8243; _module_preset=\u00bbdefault\u00bb background_enable_image=\u00bboff\u00bb custom_margin_tablet=\u00bb\u00bb custom_margin_phone=\u00bb0px||||false|false\u00bb custom_margin_last_edited=\u00bbon|phone\u00bb custom_padding_tablet=\u00bb\u00bb custom_padding_phone=\u00bb0px||||false|false\u00bb top_divider_color=\u00bb#FCE5A5&#8243; locked=\u00bboff\u00bb global_colors_info=\u00bb{}\u00bb][et_pb_row column_structure=\u00bb1_2,1_2&#8243; use_custom_gutter=\u00bbon\u00bb gutter_width=\u00bb1&#8243; make_equal=\u00bbon\u00bb custom_padding_last_edited=\u00bbon|phone\u00bb _builder_version=\u00bb4.18.0&#8243; _module_preset=\u00bbdefault\u00bb width_tablet=\u00bb\u00bb width_phone=\u00bb90%\u00bb width_last_edited=\u00bbon|phone\u00bb max_width=\u00bb100%\u00bb custom_margin=\u00bb-64px|auto|-64px|auto|true|false\u00bb custom_margin_tablet=\u00bb-64px|auto|-64px|auto|true|false\u00bb custom_margin_phone=\u00bb0px||0px||true|false\u00bb custom_margin_last_edited=\u00bbon|phone\u00bb custom_padding=\u00bb||39px|||\u00bb custom_padding_tablet=\u00bb\u00bb custom_padding_phone=\u00bb||0px||false|false\u00bb custom_css_main_element=\u00bbalign-items: center;\u00bb global_colors_info=\u00bb{}\u00bb][et_pb_column type=\u00bb1_2&#8243; _builder_version=\u00bb4.18.0&#8243; _module_preset=\u00bbdefault\u00bb custom_padding_tablet=\u00bb100px||||false|false\u00bb custom_padding_phone=\u00bb0px||0px||false|false\u00bb custom_padding_last_edited=\u00bbon|phone\u00bb global_colors_info=\u00bb{}\u00bb][et_pb_image src=\u00bbhttps:\/\/theemotionslabmalta.com\/wp-content\/uploads\/2024\/07\/Boquitin-felicidad2.png\u00bb alt=\u00bbBoquitin-felicidad2&#8243; title_text=\u00bbBoquitin-felicidad2&#8243; _builder_version=\u00bb4.27.4&#8243; _module_preset=\u00bbdefault\u00bb custom_margin=\u00bb|20px|0px||false|false\u00bb custom_padding=\u00bb||0px||false|false\u00bb custom_padding_tablet=\u00bb\u00bb custom_padding_phone=\u00bb||20px||false|false\u00bb custom_padding_last_edited=\u00bbon|phone\u00bb global_colors_info=\u00bb{}\u00bb][\/et_pb_image][\/et_pb_column][et_pb_column type=\u00bb1_2&#8243; _builder_version=\u00bb4.18.0&#8243; _module_preset=\u00bbdefault\u00bb global_colors_info=\u00bb{}\u00bb][dsm_text_notation before_text=\u00bb\u00bfQu\u00e9 hacemos en el \u00bb notation_text=\u00bb Retiro?\u00bb notation_type=\u00bbhighlight\u00bb notation_color=\u00bb#B3E8CA\u00bb heading_html_tag=\u00bbh3&#8243; _builder_version=\u00bb4.24.2&#8243; _module_preset=\u00bbdefault\u00bb header_font=\u00bb|600|||||||\u00bb header_text_color=\u00bb#057479&#8243; header_font_size=\u00bb32px\u00bb notation_font=\u00bb|800|||||||\u00bb text_orientation=\u00bbcenter\u00bb custom_margin=\u00bb||20px|-5px||\u00bb custom_padding=\u00bb||0px|0px||\u00bb header_text_shadow_style=\u00bbpreset2&#8243; header_text_shadow_horizontal_length=\u00bb0.04em\u00bb header_text_shadow_vertical_length=\u00bb0.04em\u00bb header_text_shadow_blur_strength=\u00bb0.04em\u00bb locked=\u00bboff\u00bb global_colors_info=\u00bb{}\u00bb][\/dsm_text_notation][et_pb_text _builder_version=\u00bb4.25.0&#8243; _module_preset=\u00bb6361da08-6f42-409b-81b9-48ce6655acf6&#8243; header_3_font=\u00bbDancing Script|700|||||||\u00bb header_3_text_color=\u00bb#057479&#8243; header_3_font_size=\u00bb45px\u00bb custom_margin=\u00bb||20px|3px||\u00bb custom_margin_tablet=\u00bb140px||20px||false|false\u00bb custom_margin_phone=\u00bb140px||20px||false|false\u00bb custom_margin_last_edited=\u00bbon|tablet\u00bb custom_padding=\u00bb|24px||||\u00bb header_3_font_size_tablet=\u00bb45px\u00bb header_3_font_size_phone=\u00bb55px\u00bb header_3_font_size_last_edited=\u00bbon|phone\u00bb header_3_text_shadow_style=\u00bbpreset2&#8243; header_3_text_shadow_horizontal_length=\u00bb-0.02em\u00bb header_3_text_shadow_vertical_length=\u00bb0.01em\u00bb header_3_text_shadow_color=\u00bbrgba(0,0,0,0.46)\u00bb global_colors_info=\u00bb{}\u00bb]<\/p>\n<p>El Retiro ha sido dise\u00f1ado para que <strong><span class=\"pa-color-highlight\">conectes con tus emociones<\/span><\/strong>, aquietes tu mente, <strong><span class=\"pa-color-highlight\">encuentres tu paz interior<\/span><\/strong> y des un paso hacia un nuevo comienzo.<\/p>\n<p>Todas las actividades est\u00e1n enfocadas a <strong><span class=\"pa-color-highlight\">mejorar tu bienestar emocional<\/span><\/strong> realizando un trabajo sincronizado entre <strong><span class=\"pa-color-highlight\">cuerpo, mente, emociones y alma.<\/span><\/strong> Te aseguro que si estos cuatro elementos est\u00e1n en perfecto balance <strong><span class=\"pa-color-highlight\">vivir\u00e1s una vida m\u00e1s liviana<\/span><\/strong> y el <strong><span class=\"pa-color-highlight\">autocuidado<\/span><\/strong> ser\u00e1 tu prioridad. De hecho, <strong><span class=\"pa-color-highlight\">t\u00fa eres la prioridad.<\/span><\/strong><\/p>\n<p>[\/et_pb_text][et_pb_toggle title=\u00bbActividades\u00bb open=\u00bbon\u00bb open_toggle_text_color=\u00bb#218880&#8243; open_toggle_background_color=\u00bbrgba(252,229,165,0.42)\u00bb closed_toggle_background_color=\u00bbrgba(252,229,165,0.68)\u00bb icon_color=\u00bb#218880&#8243; toggle_icon=\u00bb&#x3e;||divi||400&#8243; open_icon_color=\u00bb#057479&#8243; open_toggle_icon=\u00bb&#x3f;||divi||400&#8243; _builder_version=\u00bb4.27.4&#8243; _module_preset=\u00bbdefault\u00bb title_text_color=\u00bb#218880&#8243; title_level=\u00bbh3&#8243; title_font=\u00bb|700|||||||\u00bb title_font_size=\u00bb18px\u00bb title_line_height=\u00bb1.4em\u00bb body_font=\u00bb||||||||\u00bb body_font_size=\u00bb18px\u00bb body_letter_spacing=\u00bb-1px\u00bb body_line_height=\u00bb1.6em\u00bb custom_margin=\u00bb||10px||false|false\u00bb border_radii=\u00bbon|30px|30px|30px|30px\u00bb border_color_all=\u00bb#B3E8CA\u00bb global_colors_info=\u00bb{}\u00bb]<\/p>\n<p>Durante el Retiro podr\u00e1s disfrutar de actividades, que a su vez sirven como <strong><span class=\"pa-color-highlight\">herramientas terap\u00e9uticas<\/span><\/strong>, como:<\/p>\n<ul>\n<li>Yoga<\/li>\n<li><strong><span class=\"pa-color-highlight\">Terapia de sonido y Meditaci\u00f3n <\/span><\/strong><\/li>\n<li><strong><span class=\"pa-color-highlight\">Ceremonias hol\u00edsticas <\/span><\/strong><\/li>\n<li><strong><span class=\"pa-color-highlight\">Terapia creativa<\/span> <\/strong><\/li>\n<li><strong><span class=\"pa-color-highlight\">Caminatas conscientes<\/span><\/strong><\/li>\n<li>Deportes acu\u00e1ticos<\/li>\n<li>Sound bath sobre tablas de paddle<\/li>\n<\/ul>\n<p>[\/et_pb_toggle][et_pb_toggle title=\u00bb\u00bfD\u00f3nde son nuestros Retiros Emocionales?\u00bb open_toggle_text_color=\u00bb#218880&#8243; open_toggle_background_color=\u00bbrgba(252,229,165,0.42)\u00bb closed_toggle_background_color=\u00bbrgba(252,229,165,0.68)\u00bb icon_color=\u00bb#218880&#8243; toggle_icon=\u00bb&#x3e;||divi||400&#8243; open_icon_color=\u00bb#057479&#8243; open_toggle_icon=\u00bb&#x3f;||divi||400&#8243; _builder_version=\u00bb4.27.4&#8243; _module_preset=\u00bbdefault\u00bb title_text_color=\u00bb#218880&#8243; title_level=\u00bbh3&#8243; title_font=\u00bb|700|||||||\u00bb title_font_size=\u00bb18px\u00bb title_line_height=\u00bb1.4em\u00bb body_font=\u00bb||||||||\u00bb body_font_size=\u00bb18px\u00bb body_letter_spacing=\u00bb-1px\u00bb body_line_height=\u00bb1.6em\u00bb custom_margin=\u00bb||10px||false|false\u00bb border_radii=\u00bbon|30px|30px|30px|30px\u00bb border_color_all=\u00bb#B3E8CA\u00bb global_colors_info=\u00bb{}\u00bb]<\/p>\n<p>Nuestros <strong><span class=\"pa-color-highlight\">Retiros Emocionales<\/span><\/strong> tienen una magia especial, un tinte \u00fanico que solo podr\u00e1s experimentar si vives la experiencia.<\/p>\n<p>Tenemos dos tipos de Retiros uno en versi\u00f3n <strong>camping <\/strong>(depndiendo la locaci\u00f3n tambi\u00f1en podr\u00e1s escoger habitaci\u00f3n), con el objetivo de sacarte de tu <strong><span class=\"pa-color-highlight\">zona de confort<\/span> <\/strong>y otro en <strong>barco<\/strong>, con la intensi\u00f3n de que conectes con la energ\u00eda del mar y sus beneficios.<\/p>\n<p>Nos damos a la tarea de escoger lugares inimaginables y excepcionales dentro de <strong><span class=\"pa-color-highlight\">Malta <\/span><\/strong><span class=\"pa-color-highlight\">y<\/span><strong><span class=\"pa-color-highlight\"> Colombia<\/span><\/strong>, los cuales te ayudan a estar en contacto con la naturaleza y a encontrar tu paz interior.<\/p>\n<p>Hemos tenido locaciones privilegiadas como <strong><span class=\"pa-color-highlight\">Saint Mary\u2019s Tower, en Comino<\/span><\/strong>, Genista Foundation, en Kalkara, The Retreat House en Gozo y ahora contamos con un precioso y bien equipado <strong>barco<\/strong>, en el bonito muelle de Kalkara Waterfront. Y los venues en <strong>Colombia<\/strong> son todo un sue\u00f1o.\u00a0<\/p>\n<p>[\/et_pb_toggle][et_pb_toggle title=\u00bb\u00bfPor qu\u00e9 debes asistir a nuestros Retiros Emocionales? Porque son\u2026\u00bb open_toggle_text_color=\u00bb#218880&#8243; open_toggle_background_color=\u00bbrgba(252,229,165,0.42)\u00bb closed_toggle_background_color=\u00bbrgba(252,229,165,0.68)\u00bb icon_color=\u00bb#218880&#8243; toggle_icon=\u00bb&#x3e;||divi||400&#8243; open_icon_color=\u00bb#057479&#8243; open_toggle_icon=\u00bb&#x3f;||divi||400&#8243; _builder_version=\u00bb4.27.4&#8243; _module_preset=\u00bbdefault\u00bb title_text_color=\u00bb#218880&#8243; title_level=\u00bbh3&#8243; title_font=\u00bb|700|||||||\u00bb title_font_size=\u00bb18px\u00bb title_line_height=\u00bb1.4em\u00bb body_font=\u00bb||||||||\u00bb body_font_size=\u00bb18px\u00bb body_letter_spacing=\u00bb-1px\u00bb body_line_height=\u00bb1.6em\u00bb custom_margin=\u00bb||10px||false|false\u00bb border_radii=\u00bbon|30px|30px|30px|30px\u00bb border_color_all=\u00bb#B3E8CA\u00bb global_colors_info=\u00bb{}\u00bb]<\/p>\n<ul>\n<li>Una gran oportunidad para <strong><span class=\"pa-color-highlight\">escapar de tu rutina y recargarte de energ\u00eda positiva<\/span><\/strong>.<\/li>\n<li>Un espacio para calmar tu mente y <strong><span class=\"pa-color-highlight\">conectar con la naturaleza<\/span><\/strong>.<\/li>\n<li>Podr\u00e1s encontrar el apoyo de personas que est\u00e1n viviendo tu misma historia.<\/li>\n<li><strong><span class=\"pa-color-highlight\">Hacer amigos<\/span><\/strong> nunca ha sido tan f\u00e1cil como lo ser\u00e1 en nuestro Retiro.<\/li>\n<li>Una manera de desconectar para conectar con la fuente de luz, amor y energ\u00eda que eres.<\/li>\n<li>Porque sientes que <strong><span class=\"pa-color-highlight\">ha llegado el momento de hacer algo por y para ti<\/span><\/strong>.<\/li>\n<\/ul>\n<p><strong>Contin\u00faa bajando para ver las fechas de nuestros pr\u00f3ximos retiros. <\/strong><\/p>\n<p>[\/et_pb_toggle][et_pb_button button_url=\u00bbhttps:\/\/wa.me\/+35677314706&#8243; button_text=\u00bbReservar ahora\u00bb button_alignment=\u00bbleft\u00bb disabled_on=\u00bbon|on|off\u00bb _builder_version=\u00bb4.25.0&#8243; _module_preset=\u00bb7e8d845e-596a-4c21-990d-87d1732c8952&#8243; button_text_color=\u00bb#545454&#8243; button_icon=\u00bb&#xf184;||fa||400&#8243; custom_margin=\u00bb30px||20px||false|false\u00bb custom_margin_tablet=\u00bb40px||||false|false\u00bb custom_margin_phone=\u00bb0px||||false|false\u00bb custom_margin_last_edited=\u00bbon|phone\u00bb custom_padding=\u00bb2px|50px|0px|30px|false|false\u00bb custom_padding_last_edited=\u00bboff|desktop\u00bb global_colors_info=\u00bb{}\u00bb button_bg_color__hover=\u00bb#FCC040&#8243; button_bg_enable_color__hover=\u00bbon\u00bb][\/et_pb_button][\/et_pb_column][\/et_pb_row][\/et_pb_section][et_pb_section fb_built=\u00bb1&#8243; prev_background_color=\u00bb#ffffff\u00bb next_background_color=\u00bb#ffffff\u00bb admin_label=\u00bbDivisor love\u00bb _builder_version=\u00bb4.27.4&#8243; _module_preset=\u00bbdefault\u00bb background_image=\u00bbhttps:\/\/theemotionslabmalta.com\/wp-content\/uploads\/2022\/09\/bg-divder-wave.svg\u00bb parallax=\u00bbon\u00bb width=\u00bb100%\u00bb custom_margin=\u00bb20px||20px||false|false\u00bb top_divider_style=\u00bbwave\u00bb top_divider_height=\u00bb22px\u00bb top_divider_repeat=\u00bb1x\u00bb bottom_divider_style=\u00bbwave\u00bb bottom_divider_height=\u00bb23px\u00bb locked=\u00bboff\u00bb global_colors_info=\u00bb{}\u00bb][et_pb_row _builder_version=\u00bb4.18.0&#8243; _module_preset=\u00bbdefault\u00bb global_colors_info=\u00bb{}\u00bb][et_pb_column type=\u00bb4_4&#8243; _builder_version=\u00bb4.18.0&#8243; _module_preset=\u00bbdefault\u00bb global_colors_info=\u00bb{}\u00bb][et_pb_button button_url=\u00bbhttps:\/\/wa.me\/+35677314706&#8243; url_new_window=\u00bbon\u00bb button_text=\u00bbVaucher Retiro Emocional\u00bb button_alignment=\u00bbcenter\u00bb _builder_version=\u00bb4.25.0&#8243; _module_preset=\u00bbdefault\u00bb button_bg_color=\u00bb#F6F6F6&#8243; custom_padding_tablet=\u00bb\u00bb custom_padding_phone=\u00bb|30px||10px|false|false\u00bb custom_padding_last_edited=\u00bbon|phone\u00bb button_text_size_tablet=\u00bb\u00bb button_text_size_phone=\u00bb14px\u00bb button_text_size_last_edited=\u00bbon|phone\u00bb global_colors_info=\u00bb{}\u00bb][\/et_pb_button][et_pb_text _builder_version=\u00bb4.18.0&#8243; _module_preset=\u00bbdefault\u00bb text_font=\u00bb|800|||||||\u00bb text_text_color=\u00bb#545454&#8243; text_font_size=\u00bb32px\u00bb text_letter_spacing=\u00bb-1px\u00bb text_line_height=\u00bb1.4em\u00bb background_color=\u00bbrgba(246,246,246,0.64)\u00bb custom_padding=\u00bb10px|20px|10px|20px|true|true\u00bb text_font_size_tablet=\u00bb32px\u00bb text_font_size_phone=\u00bb27px\u00bb text_font_size_last_edited=\u00bbon|phone\u00bb text_text_shadow_style=\u00bbpreset2&#8243; text_text_shadow_horizontal_length=\u00bb0.04em\u00bb text_text_shadow_vertical_length=\u00bb0.04em\u00bb text_text_shadow_blur_strength=\u00bb0.05em\u00bb text_text_shadow_color=\u00bb#F6F6F6&#8243; border_radii=\u00bbon|30px|30px|30px|30px\u00bb global_colors_info=\u00bb{}\u00bb]<\/p>\n<p style=\"text-align: center;\">\u00a1Reg\u00e1latelo a ti o a una amiga!<\/p>\n<p>[\/et_pb_text][\/et_pb_column][\/et_pb_row][\/et_pb_section][et_pb_section fb_built=\u00bb1&#8243; module_id=\u00bbproximo-retiro\u00bb _builder_version=\u00bb4.24.2&#8243; _module_preset=\u00bbdefault\u00bb bottom_divider_style=\u00bbwave\u00bb bottom_divider_color=\u00bb#B3E8CA\u00bb bottom_divider_height=\u00bb40px\u00bb locked=\u00bboff\u00bb global_colors_info=\u00bb{}\u00bb][et_pb_row column_structure=\u00bb1_2,1_2&#8243; use_custom_gutter=\u00bbon\u00bb gutter_width=\u00bb1&#8243; make_equal=\u00bbon\u00bb custom_padding_last_edited=\u00bbon|phone\u00bb _builder_version=\u00bb4.24.2&#8243; _module_preset=\u00bbdefault\u00bb width_tablet=\u00bb\u00bb width_phone=\u00bb90%\u00bb width_last_edited=\u00bbon|phone\u00bb max_width=\u00bb100%\u00bb custom_margin=\u00bb-64px|auto|-64px|auto|true|false\u00bb custom_margin_tablet=\u00bb-64px|auto|-64px|auto|true|false\u00bb custom_margin_phone=\u00bb0px||0px||true|false\u00bb custom_margin_last_edited=\u00bbon|phone\u00bb custom_padding=\u00bb||39px|||\u00bb custom_padding_tablet=\u00bb\u00bb custom_padding_phone=\u00bb||0px||false|false\u00bb custom_css_main_element=\u00bbalign-items: center;\u00bb locked=\u00bboff\u00bb global_colors_info=\u00bb{}\u00bb][et_pb_column type=\u00bb1_2&#8243; _builder_version=\u00bb4.18.0&#8243; _module_preset=\u00bbdefault\u00bb custom_padding_tablet=\u00bb100px||||false|false\u00bb custom_padding_phone=\u00bb0px||0px||false|false\u00bb custom_padding_last_edited=\u00bbon|phone\u00bb global_colors_info=\u00bb{}\u00bb][et_pb_image src=\u00bbhttps:\/\/theemotionslabmalta.com\/wp-content\/uploads\/2024\/07\/retiros-emocionales-boquitin.png\u00bb alt=\u00bbretiros-emocionales-boquitin\u00bb title_text=\u00bbretiros-emocionales-boquitin\u00bb _builder_version=\u00bb4.27.4&#8243; _module_preset=\u00bbdefault\u00bb custom_margin=\u00bb|20px|||false|false\u00bb custom_padding=\u00bb|5px||||\u00bb custom_padding_tablet=\u00bb\u00bb custom_padding_phone=\u00bb||20px||false|false\u00bb custom_padding_last_edited=\u00bbon|phone\u00bb global_colors_info=\u00bb{}\u00bb][\/et_pb_image][\/et_pb_column][et_pb_column type=\u00bb1_2&#8243; _builder_version=\u00bb4.18.0&#8243; _module_preset=\u00bbdefault\u00bb global_colors_info=\u00bb{}\u00bb][et_pb_text _builder_version=\u00bb4.27.4&#8243; _module_preset=\u00bb6361da08-6f42-409b-81b9-48ce6655acf6&#8243; text_text_color=\u00bb#057479&#8243; text_font_size=\u00bb28px\u00bb custom_margin=\u00bb0px||25px||false|false\u00bb global_colors_info=\u00bb{}\u00bb]<\/p>\n<p><strong>Pr\u00f3ximos Retiros<\/strong><\/p>\n<p>[\/et_pb_text][et_pb_toggle title=\u00bbSerenidad: Encuentra la calma que necesitas\u00bb open=\u00bbon\u00bb open_toggle_text_color=\u00bb#218880&#8243; open_toggle_background_color=\u00bbrgba(252,229,165,0.42)\u00bb closed_toggle_background_color=\u00bbrgba(252,229,165,0.68)\u00bb icon_color=\u00bb#218880&#8243; toggle_icon=\u00bb&#x3e;||divi||400&#8243; open_icon_color=\u00bb#057479&#8243; open_toggle_icon=\u00bb&#x3f;||divi||400&#8243; _builder_version=\u00bb4.27.4&#8243; _module_preset=\u00bbdefault\u00bb title_text_color=\u00bb#218880&#8243; title_level=\u00bbh3&#8243; title_font=\u00bb|700|||||||\u00bb title_font_size=\u00bb18px\u00bb title_line_height=\u00bb1.4em\u00bb body_font=\u00bb||||||||\u00bb body_font_size=\u00bb18px\u00bb body_letter_spacing=\u00bb-1px\u00bb body_line_height=\u00bb1.6em\u00bb custom_margin=\u00bb||10px||false|false\u00bb border_radii=\u00bbon|30px|30px|30px|30px\u00bb border_color_all=\u00bb#B3E8CA\u00bb global_colors_info=\u00bb{}\u00bb]<\/p>\n<p>El mar tiene muchos <strong><span class=\"pa-color-highlight\">beneficios para la salud f\u00edsica y mental<\/span><\/strong>. Es por eso, que te invitamos a conectar con su energ\u00eda para que <strong><span class=\"pa-color-highlight\">recuperes tu paz interior<\/span><\/strong> y encuentres serenidad.<\/p>\n<p>\u00danete a este <strong><span class=\"pa-color-highlight\">Retiro Emocional en Barco<\/span><\/strong>, donde la serenidad ser\u00e1 la protagonista y el medio para que te <strong><span class=\"pa-color-highlight\">escuches desde dentro<\/span><\/strong>. Te ense\u00f1ar\u00e9 a <strong><span class=\"pa-color-highlight\">navegar por tus emociones<\/span><\/strong> y a entender <strong>el poder de tu mente<\/strong>.<\/p>\n<p>[\/et_pb_toggle][et_pb_toggle title=\u00bbFechas disponibles\u00bb open_toggle_text_color=\u00bb#218880&#8243; open_toggle_background_color=\u00bbrgba(252,229,165,0.42)\u00bb closed_toggle_background_color=\u00bbrgba(252,229,165,0.68)\u00bb icon_color=\u00bb#218880&#8243; toggle_icon=\u00bb&#x3e;||divi||400&#8243; open_icon_color=\u00bb#057479&#8243; open_toggle_icon=\u00bb&#x3f;||divi||400&#8243; _builder_version=\u00bb4.27.4&#8243; _module_preset=\u00bbdefault\u00bb title_text_color=\u00bb#218880&#8243; title_level=\u00bbh3&#8243; title_font=\u00bb|700|||||||\u00bb title_font_size=\u00bb18px\u00bb title_line_height=\u00bb1.4em\u00bb body_font=\u00bb||||||||\u00bb body_font_size=\u00bb18px\u00bb body_letter_spacing=\u00bb-1px\u00bb body_line_height=\u00bb1.6em\u00bb custom_margin=\u00bb||10px||false|false\u00bb border_radii=\u00bbon|30px|30px|30px|30px\u00bb border_color_all=\u00bb#B3E8CA\u00bb global_colors_info=\u00bb{}\u00bb]<\/p>\n<ul>\n<li><b>S\u00e1bado 12 de julio.<\/b><\/li>\n<li><b>S\u00e1bado 19 de julio.<\/b><\/li>\n<li><b>S\u00e1bado 26 de julio.<\/b><\/li>\n<\/ul>\n<p><b>Horario: Este es un retiro al amanecer, por lo tanto empieza desde las 5:30 a.m. (o seg\u00fan la hora del amanecer) hasta las 3:00 p.m.<\/b><\/p>\n<p>[\/et_pb_toggle][et_pb_toggle title=\u00bb\u00bfQu\u00e9 incluye?\u00bb open_toggle_text_color=\u00bb#218880&#8243; open_toggle_background_color=\u00bbrgba(252,229,165,0.42)\u00bb closed_toggle_background_color=\u00bbrgba(252,229,165,0.68)\u00bb icon_color=\u00bb#218880&#8243; toggle_icon=\u00bb&#x3e;||divi||400&#8243; open_icon_color=\u00bb#057479&#8243; open_toggle_icon=\u00bb&#x3f;||divi||400&#8243; _builder_version=\u00bb4.27.4&#8243; _module_preset=\u00bbdefault\u00bb title_text_color=\u00bb#218880&#8243; title_level=\u00bbh3&#8243; title_font=\u00bb|700|||||||\u00bb title_font_size=\u00bb18px\u00bb title_line_height=\u00bb1.4em\u00bb body_font=\u00bb||||||||\u00bb body_font_size=\u00bb18px\u00bb body_letter_spacing=\u00bb-1px\u00bb body_line_height=\u00bb1.6em\u00bb custom_margin=\u00bb||10px||false|false\u00bb border_radii=\u00bbon|30px|30px|30px|30px\u00bb border_color_all=\u00bb#B3E8CA\u00bb global_colors_info=\u00bb{}\u00bb]<\/p>\n<ul>\n<li>Viaje en barco<\/li>\n<li>Alimentaci\u00f3n saludable y casera: una comida y bebidas.<\/li>\n<li>Todas las actividades y materiales para las mismas.<\/li>\n<li>Sesi\u00f3n de terapia gratuita, en caso que la necesites.<\/li>\n<li>Paquete de bienvenida.<\/li>\n<li>Deportes acu\u00e1ticos<\/li>\n<li>Sesi\u00f3n de meditaci\u00f3n.<\/li>\n<li>Terapia de sonido<\/li>\n<li>Sound Bath sobre tablas de paddle<\/li>\n<\/ul>\n<p>[\/et_pb_toggle][et_pb_toggle title=\u00bb\u00bfC\u00f3mo reservar?\u00bb open_toggle_text_color=\u00bb#218880&#8243; open_toggle_background_color=\u00bbrgba(252,229,165,0.42)\u00bb closed_toggle_background_color=\u00bbrgba(252,229,165,0.68)\u00bb icon_color=\u00bb#218880&#8243; toggle_icon=\u00bb&#x3e;||divi||400&#8243; open_icon_color=\u00bb#057479&#8243; open_toggle_icon=\u00bb&#x3f;||divi||400&#8243; _builder_version=\u00bb4.24.3&#8243; _module_preset=\u00bbdefault\u00bb title_text_color=\u00bb#218880&#8243; title_level=\u00bbh3&#8243; title_font=\u00bb|700|||||||\u00bb title_font_size=\u00bb18px\u00bb title_line_height=\u00bb1.4em\u00bb body_font=\u00bb||||||||\u00bb body_font_size=\u00bb18px\u00bb body_letter_spacing=\u00bb-1px\u00bb body_line_height=\u00bb1.6em\u00bb custom_margin=\u00bb||10px||false|false\u00bb border_radii=\u00bbon|30px|30px|30px|30px\u00bb border_color_all=\u00bb#B3E8CA\u00bb global_colors_info=\u00bb{}\u00bb]<\/p>\n<p>Haz clic en el bot\u00f3n <strong><span class=\"pa-color-highlight\">Reservar ahora<\/span><\/strong> para comprobar la disponibilidad en la fecha que est\u00e9s interesada. Una vez que confirmes si hay cupo env\u00eda la siguiente informaci\u00f3n:<\/p>\n<ul>\n<li style=\"font-weight: 400;\" aria-level=\"1\"><span style=\"font-weight: 400;\">Nombre completo<\/span><\/li>\n<li style=\"font-weight: 400;\" aria-level=\"1\"><span style=\"font-weight: 400;\">Fecha de nacimiento<\/span><\/li>\n<li style=\"font-weight: 400;\" aria-level=\"1\"><span style=\"font-weight: 400;\">N\u00famero de contacto<\/span><\/li>\n<li style=\"font-weight: 400;\" aria-level=\"1\"><span style=\"font-weight: 400;\">Correo electr\u00f3nico<\/span><\/li>\n<li style=\"font-weight: 400;\" aria-level=\"1\"><span style=\"font-weight: 400;\">Intolerancias alimentarias\/vegana\/vegetariana\/lactose o gluten free<\/span><\/li>\n<\/ul>\n<p><i><span style=\"font-weight: 400;\">-Para asegurar tu lugar es importante abonar la mitad del precio total del Retiro a trav\u00e9s de Revolut o BOV Bank. Este no es reembolsable bajo ning\u00fan concepto, a no ser que el Retiro sea cancelado por nuestra parte.<\/span><\/i><\/p>\n<p><i><span style=\"font-weight: 400;\">-El valor restante debe ser abonado al menos dos d\u00edas antes del Retiro.<\/span><\/i><\/p>\n<p>[\/et_pb_toggle][et_pb_button button_url=\u00bbhttps:\/\/wa.me\/+35677314706&#8243; button_text=\u00bbReservar ahora\u00bb button_alignment=\u00bbleft\u00bb disabled_on=\u00bbon|on|off\u00bb _builder_version=\u00bb4.25.0&#8243; _module_preset=\u00bb7e8d845e-596a-4c21-990d-87d1732c8952&#8243; button_text_color=\u00bb#545454&#8243; button_icon=\u00bb&#xf184;||fa||400&#8243; custom_margin=\u00bb30px||20px||false|false\u00bb custom_margin_tablet=\u00bb40px||||false|false\u00bb custom_margin_phone=\u00bb0px||||false|false\u00bb custom_margin_last_edited=\u00bbon|phone\u00bb custom_padding=\u00bb2px|50px|0px|30px|false|false\u00bb custom_padding_last_edited=\u00bboff|desktop\u00bb global_colors_info=\u00bb{}\u00bb button_bg_color__hover=\u00bb#FCC040&#8243; button_bg_enable_color__hover=\u00bbon\u00bb][\/et_pb_button][\/et_pb_column][\/et_pb_row][\/et_pb_section]<\/p>\n","protected":false},"excerpt":{"rendered":"<p>retiros emocionales y espacios de conexion<\/p>","protected":false},"author":5,"featured_media":248830,"parent":0,"menu_order":0,"comment_status":"closed","ping_status":"closed","template":"","meta":{"_et_pb_use_builder":"on","_et_pb_old_content":"","_et_gb_content_width":"","inline_featured_image":false,"footnotes":""},"class_list":["post-248622","page","type-page","status-publish","has-post-thumbnail","hentry"],"_links":{"self":[{"href":"https:\/\/theemotionslabmalta.com\/en\/wp-json\/wp\/v2\/pages\/248622","targetHints":{"allow":["GET"]}}],"collection":[{"href":"https:\/\/theemotionslabmalta.com\/en\/wp-json\/wp\/v2\/pages"}],"about":[{"href":"https:\/\/theemotionslabmalta.com\/en\/wp-json\/wp\/v2\/types\/page"}],"author":[{"embeddable":true,"href":"https:\/\/theemotionslabmalta.com\/en\/wp-json\/wp\/v2\/users\/5"}],"replies":[{"embeddable":true,"href":"https:\/\/theemotionslabmalta.com\/en\/wp-json\/wp\/v2\/comments?post=248622"}],"version-history":[{"count":105,"href":"https:\/\/theemotionslabmalta.com\/en\/wp-json\/wp\/v2\/pages\/248622\/revisions"}],"predecessor-version":[{"id":250448,"href":"https:\/\/theemotionslabmalta.com\/en\/wp-json\/wp\/v2\/pages\/248622\/revisions\/250448"}],"wp:featuredmedia":[{"embeddable":true,"href":"https:\/\/theemotionslabmalta.com\/en\/wp-json\/wp\/v2\/media\/248830"}],"wp:attachment":[{"href":"https:\/\/theemotionslabmalta.com\/en\/wp-json\/wp\/v2\/media?parent=248622"}],"curies":[{"name":"wp","href":"https:\/\/api.w.org\/{rel}","templated":true}]}}